{"version":"1.0","provider_name":"OsteoMag","provider_url":"https:\/\/osteomag.ca\/fr\/","author_name":"Andr\u00e9 Alepin","author_url":"https:\/\/osteomag.ca\/fr\/author\/andrealepin\/","title":"Syndrome de d\u00e9saff\u00e9rentation sensorielle et ost\u00e9opathie Ost\u00e9oblogue","type":"rich","width":600,"height":338,"html":"<blockquote class=\"wp-embedded-content\" data-secret=\"8ekh1w4iXA\"><a href=\"https:\/\/osteomag.ca\/fr\/syndrome-de-desafferentation-sensorielle-et-osteopathie\/\">Syndrome de d\u00e9saff\u00e9rentation sensorielle et ost\u00e9opathie<\/a><\/blockquote><iframe sandbox=\"allow-scripts\" security=\"restricted\" src=\"https:\/\/osteomag.ca\/fr\/syndrome-de-desafferentation-sensorielle-et-osteopathie\/embed\/#?secret=8ekh1w4iXA\" width=\"600\" height=\"338\" title=\"\u00ab\u00a0Syndrome de d\u00e9saff\u00e9rentation sensorielle et ost\u00e9opathie\u00a0\u00bb &#8212; OsteoMag\" data-secret=\"8ekh1w4iXA\" frameborder=\"0\" marginwidth=\"0\" marginheight=\"0\" scrolling=\"no\" class=\"wp-embedded-content\"><\/iframe><script type=\"text\/javascript\">\n\/* <![CDATA[ *\/\n\/*! This file is auto-generated *\/\n!function(d,l){\"use strict\";l.querySelector&&d.addEventListener&&\"undefined\"!=typeof URL&&(d.wp=d.wp||{},d.wp.receiveEmbedMessage||(d.wp.receiveEmbedMessage=function(e){var t=e.data;if((t||t.secret||t.message||t.value)&&!\/[^a-zA-Z0-9]\/.test(t.secret)){for(var s,r,n,a=l.querySelectorAll('iframe[data-secret=\"'+t.secret+'\"]'),o=l.querySelectorAll('blockquote[data-secret=\"'+t.secret+'\"]'),c=new RegExp(\"^https?:$\",\"i\"),i=0;i<o.length;i++)o[i].style.display=\"none\";for(i=0;i<a.length;i++)s=a[i],e.source===s.contentWindow&&(s.removeAttribute(\"style\"),\"height\"===t.message?(1e3<(r=parseInt(t.value,10))?r=1e3:~~r<200&&(r=200),s.height=r):\"link\"===t.message&&(r=new URL(s.getAttribute(\"src\")),n=new URL(t.value),c.test(n.protocol))&&n.host===r.host&&l.activeElement===s&&(d.top.location.href=t.value))}},d.addEventListener(\"message\",d.wp.receiveEmbedMessage,!1),l.addEventListener(\"DOMContentLoaded\",function(){for(var e,t,s=l.querySelectorAll(\"iframe.wp-embedded-content\"),r=0;r<s.length;r++)(t=(e=s[r]).getAttribute(\"data-secret\"))||(t=Math.random().toString(36).substring(2,12),e.src+=\"#?secret=\"+t,e.setAttribute(\"data-secret\",t)),e.contentWindow.postMessage({message:\"ready\",secret:t},\"*\")},!1)))}(window,document);\n\/\/# sourceURL=https:\/\/osteomag.ca\/wp-includes\/js\/wp-embed.min.js\n\/* ]]> *\/\n<\/script>\n","thumbnail_url":"https:\/\/osteomag.ca\/wp-content\/uploads\/2025\/04\/ChatGPT-Image-Apr-28-2025-08_35_42-AM.webp","thumbnail_width":1200,"thumbnail_height":675,"description":"D\u00e9finition et concepts fondamentaux La d\u00e9saff\u00e9rentation sensorielle d\u00e9signe une perte ou une alt\u00e9ration des informations sensorielles aff\u00e9rentes envoy\u00e9es vers le syst\u00e8me nerveux central. Autrement dit, les signaux en provenance des r\u00e9cepteurs sensoriels (cutan\u00e9s, articulaires, musculaires, tendineux) ne parviennent plus de mani\u00e8re correcte au cerveau et \u00e0 la moelle \u00e9pini\u00e8re. Ce d\u00e9ficit sensoriel perturbe la capacit\u00e9 [&hellip;]"}